{"id":197,"date":"2013-03-19T12:12:10","date_gmt":"2013-03-19T11:12:10","guid":{"rendered":"http:\/\/www.lepennec.org\/partons\/?page_id=197"},"modified":"2013-04-20T21:47:10","modified_gmt":"2013-04-20T19:47:10","slug":"materiel","status":"publish","type":"page","link":"https:\/\/www.lepennec.org\/partons\/materiel\/","title":{"rendered":"Mat\u00e9riel"},"content":{"rendered":"<p><strong>A v\u00e9lo, vous avez dit?<\/strong><\/p>\n<p><img loading=\"lazy\" decoding=\"async\" class=\"size-medium wp-image-198 alignleft\" alt=\"DSC_0243\" src=\"http:\/\/www.lepennec.org\/partons\/wp-content\/uploads\/2013\/03\/DSC_0243-e1363691417645-198x300.jpg\" width=\"198\" height=\"300\" srcset=\"https:\/\/www.lepennec.org\/partons\/wp-content\/uploads\/2013\/03\/DSC_0243-e1363691417645-198x300.jpg 198w, https:\/\/www.lepennec.org\/partons\/wp-content\/uploads\/2013\/03\/DSC_0243-e1363691417645-678x1024.jpg 678w, https:\/\/www.lepennec.org\/partons\/wp-content\/uploads\/2013\/03\/DSC_0243-e1363691417645.jpg 1632w\" sizes=\"auto, (max-width: 198px) 100vw, 198px\" \/><strong>Les v\u00e9los<\/strong><\/p>\n<p>Avant de pr\u00e9parer ce voyage, nous n&rsquo;\u00e9tions pas vraiment des sp\u00e9cialistes en mati\u00e8re de cycle.<\/p>\n<p>Certains vous diront qu&rsquo;il est imp\u00e9ratif de partir avec un v\u00e9lo solide adapt\u00e9 pour ce genre de voyage, certains iront m\u00eame jusqu&rsquo;\u00e0 vous dire que votre monture doit \u00eatre sp\u00e9cialement con\u00e7u selon votre morphologie. Mais voil\u00e0, un v\u00e9lo solide con\u00e7u sur mesure par un petit artisan, \u00e7a a tout de m\u00eame un prix et nous ne souhaitions pas d\u00e9penser 2000 \u20ac pour chacune de nos montures.<\/p>\n<p>D&rsquo;autres partent avec des v\u00e9los neufs\u00a0 \u00ab\u00a0entr\u00e9e de gamme\u00a0\u00bb (500 \u20ac) et nous trouvons ce genre de v\u00e9los pas tr\u00e8s adapt\u00e9s.<\/p>\n<p>Nous avons choisi une solution interm\u00e9diaire, nous avons d\u00e9cid\u00e9 de partir avec nos vieilles montures remises \u00e0 neuf et adapt\u00e9es au voyage \u00e0 v\u00e9lo.<\/p>\n<p><strong>Le v\u00e9lo de Ronan : <\/strong>il<strong>\u00a0<\/strong>s&rsquo;agit d&rsquo;un vieux Giant ColdRock du d\u00e9but des ann\u00e9es 90 achet\u00e9 40 \u20ac \u00e0 Emma\u00fcs. Il n&rsquo;y a quasiment plus aucunes pi\u00e8ces d&rsquo;origine, certaines ont \u00e9t\u00e9 r\u00e9cup\u00e9r\u00e9es dans la rue mais la majorit\u00e9 sont neuves. Au final, les modifications auront cout\u00e9 pr\u00e8s de 400 \u20ac.<\/p>\n<p><img loading=\"lazy\" decoding=\"async\" class=\"size-medium wp-image-199 alignleft\" alt=\"DSC_0240\" src=\"http:\/\/www.lepennec.org\/partons\/wp-content\/uploads\/2013\/03\/DSC_0240-e1363691505589-198x300.jpg\" width=\"198\" height=\"300\" srcset=\"https:\/\/www.lepennec.org\/partons\/wp-content\/uploads\/2013\/03\/DSC_0240-e1363691505589-198x300.jpg 198w, https:\/\/www.lepennec.org\/partons\/wp-content\/uploads\/2013\/03\/DSC_0240-e1363691505589-678x1024.jpg 678w, https:\/\/www.lepennec.org\/partons\/wp-content\/uploads\/2013\/03\/DSC_0240-e1363691505589.jpg 1632w\" sizes=\"auto, (max-width: 198px) 100vw, 198px\" \/><strong>Le v\u00e9lo de Sandrine <\/strong>: Une amie (Swannee) ayant mont\u00e9 un atelier de r\u00e9paration de v\u00e9lo avait trouv\u00e9 un v\u00e9lo bien adapt\u00e9 \u00e0 notre projet de voyage. Malheureusement, le cadre n&rsquo;a pas tenu et Swannee a d\u00e9cid\u00e9 de nous donner son premier cadre de comp\u00e9tition. Sandrine a donc un v\u00e9lo de comp\u00e9tition qui aura co\u00fbt\u00e9 \u00e0 peu pr\u00e8s 400 \u20ac.<\/p>\n<p><strong>\u00a0LE RESTE DU MATERIEL<\/strong><\/p>\n<p>Comme bon nombre de voyageurs \u00e0 v\u00e9lo, nous avons pass\u00e9 des heures et des heures sur Internet \u00e0 comparer les caract\u00e9ristiques des tentes, des sacs de couchage, des r\u00e9chauds&#8230;.Au final, tout \u00e7a n&rsquo;est pas forc\u00e9ment int\u00e9ressant mais \u00e9tant nous m\u00eames contents de pouvoir trouver ce genre d&rsquo;informations sur certains sites, voici notre liste :<\/p>\n<p>&nbsp;<\/p>\n","protected":false},"excerpt":{"rendered":"<p>A v\u00e9lo, vous avez dit? Les v\u00e9los Avant de pr\u00e9parer ce voyage, nous n&rsquo;\u00e9tions pas vraiment des sp\u00e9cialistes en mati\u00e8re de cycle. Certains vous diront qu&rsquo;il est imp\u00e9ratif de partir avec un v\u00e9lo solide adapt\u00e9 pour ce genre de voyage, certains iront m\u00eame jusqu&rsquo;\u00e0 vous dire que votre monture doit \u00eatre sp\u00e9cialement con\u00e7u selon votre [&hellip;]<\/p>\n","protected":false},"author":1,"featured_media":0,"parent":0,"menu_order":0,"comment_status":"open","ping_status":"open","template":"","meta":{"footnotes":""},"class_list":["post-197","page","type-page","status-publish","hentry"],"_links":{"self":[{"href":"https:\/\/www.lepennec.org\/partons\/wp-json\/wp\/v2\/pages\/197","targetHints":{"allow":["GET"]}}],"collection":[{"href":"https:\/\/www.lepennec.org\/partons\/wp-json\/wp\/v2\/pages"}],"about":[{"href":"https:\/\/www.lepennec.org\/partons\/wp-json\/wp\/v2\/types\/page"}],"author":[{"embeddable":true,"href":"https:\/\/www.lepennec.org\/partons\/wp-json\/wp\/v2\/users\/1"}],"replies":[{"embeddable":true,"href":"https:\/\/www.lepennec.org\/partons\/wp-json\/wp\/v2\/comments?post=197"}],"version-history":[{"count":13,"href":"https:\/\/www.lepennec.org\/partons\/wp-json\/wp\/v2\/pages\/197\/revisions"}],"predecessor-version":[{"id":201,"href":"https:\/\/www.lepennec.org\/partons\/wp-json\/wp\/v2\/pages\/197\/revisions\/201"}],"wp:attachment":[{"href":"https:\/\/www.lepennec.org\/partons\/wp-json\/wp\/v2\/media?parent=197"}],"curies":[{"name":"wp","href":"https:\/\/api.w.org\/{rel}","templated":true}]}}