{"id":25,"date":"2013-03-01T15:51:57","date_gmt":"2013-03-01T14:51:57","guid":{"rendered":"http:\/\/www.lepennec.org\/partons\/?page_id=25"},"modified":"2013-03-19T20:40:04","modified_gmt":"2013-03-19T19:40:04","slug":"preambule","status":"publish","type":"page","link":"https:\/\/www.lepennec.org\/partons\/preambule\/","title":{"rendered":"Pr\u00e9ambule"},"content":{"rendered":"<p>En 2008, nous sommes partis une semaine\u00a0 \u00e0 v\u00e9lo en amoureux le long de la Loire, avec nos vieilles montures bidouill\u00e9es pour l&rsquo;occasion. Nous avons go\u00fbt\u00e9 aux plaisirs des bivouacs improvis\u00e9s sur les bords de rivi\u00e8res, des baignades salvatrices en fin de journ\u00e9e, de petits plats pr\u00e9par\u00e9s sous la b\u00e2che en regardant la pluie coul\u00e9e face \u00e0 une abbaye&#8230;<\/p>\n<p>Au retour, l&rsquo;id\u00e9e de partir un peu plus loin, un peu plus longtemps s&rsquo;est mise \u00e0 germer tranquillement.<\/p>\n<p>Cinq ans plus tard, notre projet se concr\u00e9tise enfin! Mais entre temps, beaucoup d&rsquo;eau aura coul\u00e9 sous les ponts de Loire&#8230; Et des petits ponts ont \u00e9t\u00e9 construits&#8230;<\/p>\n<p>Retour sur les \u00e9pisodes pr\u00e9c\u00e9dents:<\/p>\n<p>Sandrine est tomb\u00e9e enceinte trois mois apr\u00e8s notre petite escapade alors que nous habitions encore \u00e0 Nantes et pr\u00e9parions un d\u00e9part pour Bruxelles. Nous sais\u00eemes l&rsquo;occasion pour poursuivre notre route au Qu\u00e9bec, pays d&rsquo;origine de Sandrine, afin qu&rsquo;elle puisse passer cette p\u00e9riode entour\u00e9e de ses proches.<\/p>\n<p>Elouan est n\u00e9 en Juillet 2009 \u00e0 Montr\u00e9al et m\u00eame \u00e0 trois, l&rsquo;id\u00e9e de ce voyage \u00e0 v\u00e9lo ne nous a pas abandonn\u00e9e. Nous visions d&rsquo;abord 2011 comme ann\u00e9e de d\u00e9part, mais comme les choses ne se sont pas tout \u00e0 fait d\u00e9roul\u00e9es comme nous l&rsquo;esp\u00e9rions sur le plan professionnel, nous avons d\u00fb rentrer en France fin 2010 et repousser le projet.<\/p>\n<p>Install\u00e9s depuis \u00e0 Nevers, les deux derni\u00e8res ann\u00e9es nous auront permis de travailler assez longtemps pour \u00e9conomiser l&rsquo;argent dont nous avions besoin. Ce fut \u00e9galement le temps de l&rsquo;acquisition du mat\u00e9riel, des premi\u00e8res vacances \u00e0 v\u00e9lo en famille &#8211; un peu diff\u00e9rentes de celles en amoureux. Des rencontres et des lectures qui nous ont aid\u00e9 \u00e0 concr\u00e9tiser les aspects plus techniques. Et enfin, des heures et des heures pass\u00e9es sur internet \u00e0 chercher la tente et les sacs de couchage id\u00e9aux!<\/p>\n<p>Ce fut aussi le moment o\u00f9 nous avons song\u00e9 \u00e0 agrandir notre petite famille.<\/p>\n<p>Neuf mois de grossesse, un d\u00e9part avec un b\u00e9b\u00e9 d&rsquo;au moins 6 mois; la date de notre d\u00e9part se pr\u00e9cisait. Avril 2013.<\/p>\n<p>Yana\u00ebl est n\u00e9 en septembre 2012.<\/p>\n<p>Depuis les pr\u00e9paratifs s&rsquo;acc\u00e9l\u00e8rent&#8230;<\/p>\n<p><a href=\"http:\/\/www.lepennec.org\/partons\/?attachment_id=150#main\" rel=\"attachment wp-att-150\"><img loading=\"lazy\" decoding=\"async\" class=\"alignnone size-large wp-image-150\" alt=\"IMG_9810b\" src=\"http:\/\/www.lepennec.org\/partons\/wp-content\/uploads\/2013\/03\/IMG_9810b-1024x682.jpg\" width=\"640\" height=\"426\" srcset=\"https:\/\/www.lepennec.org\/partons\/wp-content\/uploads\/2013\/03\/IMG_9810b-1024x682.jpg 1024w, https:\/\/www.lepennec.org\/partons\/wp-content\/uploads\/2013\/03\/IMG_9810b-300x200.jpg 300w, https:\/\/www.lepennec.org\/partons\/wp-content\/uploads\/2013\/03\/IMG_9810b.jpg 1728w\" sizes=\"auto, (max-width: 640px) 100vw, 640px\" \/><\/a><\/p>\n<p>&nbsp;<\/p>\n","protected":false},"excerpt":{"rendered":"<p>En 2008, nous sommes partis une semaine\u00a0 \u00e0 v\u00e9lo en amoureux le long de la Loire, avec nos vieilles montures bidouill\u00e9es pour l&rsquo;occasion. Nous avons go\u00fbt\u00e9 aux plaisirs des bivouacs improvis\u00e9s sur les bords de rivi\u00e8res, des baignades salvatrices en fin de journ\u00e9e, de petits plats pr\u00e9par\u00e9s sous la b\u00e2che en regardant la pluie coul\u00e9e [&hellip;]<\/p>\n","protected":false},"author":1,"featured_media":31,"parent":0,"menu_order":0,"comment_status":"open","ping_status":"open","template":"","meta":{"footnotes":""},"class_list":["post-25","page","type-page","status-publish","has-post-thumbnail","hentry"],"_links":{"self":[{"href":"https:\/\/www.lepennec.org\/partons\/wp-json\/wp\/v2\/pages\/25","targetHints":{"allow":["GET"]}}],"collection":[{"href":"https:\/\/www.lepennec.org\/partons\/wp-json\/wp\/v2\/pages"}],"about":[{"href":"https:\/\/www.lepennec.org\/partons\/wp-json\/wp\/v2\/types\/page"}],"author":[{"embeddable":true,"href":"https:\/\/www.lepennec.org\/partons\/wp-json\/wp\/v2\/users\/1"}],"replies":[{"embeddable":true,"href":"https:\/\/www.lepennec.org\/partons\/wp-json\/wp\/v2\/comments?post=25"}],"version-history":[{"count":16,"href":"https:\/\/www.lepennec.org\/partons\/wp-json\/wp\/v2\/pages\/25\/revisions"}],"predecessor-version":[{"id":120,"href":"https:\/\/www.lepennec.org\/partons\/wp-json\/wp\/v2\/pages\/25\/revisions\/120"}],"wp:featuredmedia":[{"embeddable":true,"href":"https:\/\/www.lepennec.org\/partons\/wp-json\/wp\/v2\/media\/31"}],"wp:attachment":[{"href":"https:\/\/www.lepennec.org\/partons\/wp-json\/wp\/v2\/media?parent=25"}],"curies":[{"name":"wp","href":"https:\/\/api.w.org\/{rel}","templated":true}]}}