{"id":36,"date":"2013-03-01T17:30:37","date_gmt":"2013-03-01T16:30:37","guid":{"rendered":"http:\/\/www.lepennec.org\/partons\/?page_id=36"},"modified":"2013-03-20T08:22:18","modified_gmt":"2013-03-20T07:22:18","slug":"qui","status":"publish","type":"page","link":"https:\/\/www.lepennec.org\/partons\/qui\/","title":{"rendered":"Qui ?"},"content":{"rendered":"<p>&nbsp;<\/p>\n<p><strong>Petite description de l&rsquo;\u00e9quipage!<\/strong><\/p>\n<p><img loading=\"lazy\" decoding=\"async\" class=\"alignleft size-medium wp-image-184\" alt=\"sandrine\" src=\"http:\/\/www.lepennec.org\/partons\/wp-content\/uploads\/2013\/03\/sandrine1-198x300.jpg\" width=\"198\" height=\"300\" srcset=\"https:\/\/www.lepennec.org\/partons\/wp-content\/uploads\/2013\/03\/sandrine1-198x300.jpg 198w, https:\/\/www.lepennec.org\/partons\/wp-content\/uploads\/2013\/03\/sandrine1.jpg 442w\" sizes=\"auto, (max-width: 198px) 100vw, 198px\" \/><strong>Sandrine<\/strong> aura 32 ans en ao\u00fbt 2013. Sa grand-m\u00e8re ne se sera pas tromp\u00e9e en lui lisant sa carte du ciel. L&rsquo;ann\u00e9e de ses 32 ans sera marquante ! Qu\u00e9b\u00e9coise, elle a pass\u00e9 son enfance sur un bateau \u00e0 sillonner les oc\u00e9ans en famille, ce qui lui a certainement donn\u00e9 le go\u00fbt du voyage. En 1998 et en 2003, elle a voyag\u00e9 plusieurs mois en Europe et au Maghreb. Ces s\u00e9jours lui ont donn\u00e9 envie de retourner dans ces pays avec un moyen de locomotion plus lent et plus accessible, pour favoriser les contacts avec les populations locales.<\/p>\n<p>Elle a \u00e9tudi\u00e9 en photographie et en psycho\u00e9ducation.<\/p>\n<p><img loading=\"lazy\" decoding=\"async\" class=\"size-medium wp-image-157 alignleft\" alt=\"ronan\" src=\"http:\/\/www.lepennec.org\/partons\/wp-content\/uploads\/2013\/03\/ronan-198x300.jpg\" width=\"198\" height=\"300\" srcset=\"https:\/\/www.lepennec.org\/partons\/wp-content\/uploads\/2013\/03\/ronan-198x300.jpg 198w, https:\/\/www.lepennec.org\/partons\/wp-content\/uploads\/2013\/03\/ronan-678x1024.jpg 678w, https:\/\/www.lepennec.org\/partons\/wp-content\/uploads\/2013\/03\/ronan.jpg 1632w\" sizes=\"auto, (max-width: 198px) 100vw, 198px\" \/><\/p>\n<p><strong>Ronan<\/strong> aura 35 ans en octobre 2013. Fran\u00e7ais et Breton &#8211; son nom signifie \u00ab\u00a0petit phoque t\u00eatu\u00a0\u00bb &#8211; ses parents l&rsquo;ont un peu trimball\u00e9 \u00e0 droite et \u00e0 gauche pendant son enfance mais pour des raisons professionnelles. Il a \u00e9tudi\u00e9 en \u00e9conomie et s&rsquo;occupe habituellement d&rsquo;administrer des entreprises culturelles. Son r\u00eave serait de faire pousser des poireaux et d&rsquo;en vivre, \u00e0 moins de fabriquer des v\u00e9los !<\/p>\n<p>Il sera en charge des statistiques p\u00e2tes, temp\u00e9ratures et kilom\u00e8tres. Il adore les graphiques et les calculs mentaux !<\/p>\n<p>&nbsp;<\/p>\n<p><img loading=\"lazy\" decoding=\"async\" class=\"size-medium wp-image-158 alignleft\" alt=\"elouan\" src=\"http:\/\/www.lepennec.org\/partons\/wp-content\/uploads\/2013\/03\/elouan-198x300.jpg\" width=\"198\" height=\"300\" srcset=\"https:\/\/www.lepennec.org\/partons\/wp-content\/uploads\/2013\/03\/elouan-198x300.jpg 198w, https:\/\/www.lepennec.org\/partons\/wp-content\/uploads\/2013\/03\/elouan-678x1024.jpg 678w, https:\/\/www.lepennec.org\/partons\/wp-content\/uploads\/2013\/03\/elouan.jpg 1632w\" sizes=\"auto, (max-width: 198px) 100vw, 198px\" \/><\/p>\n<p><strong>\u00a0Elouan<\/strong> aura 4 ans en juillet 2013. Canadien et Fran\u00e7ais, il a d\u00e9j\u00e0 d\u00e9m\u00e9nag\u00e9 3 fois et v\u00e9cu des deux c\u00f4t\u00e9s de l&rsquo;oc\u00e9an Atlantique. Il est pass\u00e9 ma\u00eetre dans l&rsquo;art de poser quinze questions \u00e0 la minute. Pourrons-nous satisfaire sa tr\u00e8s grande curiosit\u00e9 lorsqu&rsquo;il s&rsquo;agira de traduire du polonais ou du hongrois ?<\/p>\n<p><img loading=\"lazy\" decoding=\"async\" class=\"size-medium wp-image-159 alignleft\" alt=\"yanael\" src=\"http:\/\/www.lepennec.org\/partons\/wp-content\/uploads\/2013\/03\/yanael-198x300.jpg\" width=\"198\" height=\"300\" srcset=\"https:\/\/www.lepennec.org\/partons\/wp-content\/uploads\/2013\/03\/yanael-198x300.jpg 198w, https:\/\/www.lepennec.org\/partons\/wp-content\/uploads\/2013\/03\/yanael-678x1024.jpg 678w, https:\/\/www.lepennec.org\/partons\/wp-content\/uploads\/2013\/03\/yanael.jpg 1632w\" sizes=\"auto, (max-width: 198px) 100vw, 198px\" \/><\/p>\n<p><strong>Yana\u00ebl<\/strong> aura 1 an en septembre 2013. Il s&rsquo;agira de ses toutes premi\u00e8res vacances \u00e0 v\u00e9lo et en tente.<\/p>\n<p>Balance, comme son p\u00e8re, il est plut\u00f4t de nature calme. Nous esp\u00e9rons que son ascendant scorpion ne prenne pas trop vite le dessus !<\/p>\n<p>&nbsp;<\/p>\n<p>&nbsp;<\/p>\n<p>&nbsp;<\/p>\n<p>&nbsp;<\/p>\n<p>&nbsp;<\/p>\n<p>&nbsp;<\/p>\n","protected":false},"excerpt":{"rendered":"<p>&nbsp; Petite description de l&rsquo;\u00e9quipage! Sandrine aura 32 ans en ao\u00fbt 2013. Sa grand-m\u00e8re ne se sera pas tromp\u00e9e en lui lisant sa carte du ciel. L&rsquo;ann\u00e9e de ses 32 ans sera marquante ! Qu\u00e9b\u00e9coise, elle a pass\u00e9 son enfance sur un bateau \u00e0 sillonner les oc\u00e9ans en famille, ce qui lui a certainement donn\u00e9 [&hellip;]<\/p>\n","protected":false},"author":1,"featured_media":115,"parent":0,"menu_order":0,"comment_status":"open","ping_status":"open","template":"","meta":{"footnotes":""},"class_list":["post-36","page","type-page","status-publish","has-post-thumbnail","hentry"],"_links":{"self":[{"href":"https:\/\/www.lepennec.org\/partons\/wp-json\/wp\/v2\/pages\/36","targetHints":{"allow":["GET"]}}],"collection":[{"href":"https:\/\/www.lepennec.org\/partons\/wp-json\/wp\/v2\/pages"}],"about":[{"href":"https:\/\/www.lepennec.org\/partons\/wp-json\/wp\/v2\/types\/page"}],"author":[{"embeddable":true,"href":"https:\/\/www.lepennec.org\/partons\/wp-json\/wp\/v2\/users\/1"}],"replies":[{"embeddable":true,"href":"https:\/\/www.lepennec.org\/partons\/wp-json\/wp\/v2\/comments?post=36"}],"version-history":[{"count":54,"href":"https:\/\/www.lepennec.org\/partons\/wp-json\/wp\/v2\/pages\/36\/revisions"}],"predecessor-version":[{"id":38,"href":"https:\/\/www.lepennec.org\/partons\/wp-json\/wp\/v2\/pages\/36\/revisions\/38"}],"wp:featuredmedia":[{"embeddable":true,"href":"https:\/\/www.lepennec.org\/partons\/wp-json\/wp\/v2\/media\/115"}],"wp:attachment":[{"href":"https:\/\/www.lepennec.org\/partons\/wp-json\/wp\/v2\/media?parent=36"}],"curies":[{"name":"wp","href":"https:\/\/api.w.org\/{rel}","templated":true}]}}